{"id":1299,"date":"2025-09-15T15:41:59","date_gmt":"2025-09-15T15:41:59","guid":{"rendered":"https:\/\/apnexus.es\/noticies\/"},"modified":"2025-10-20T16:47:17","modified_gmt":"2025-10-20T16:47:17","slug":"noticies","status":"publish","type":"page","link":"https:\/\/apnexus.es\/ca\/noticies\/","title":{"rendered":"Not\u00edcies"},"content":{"rendered":"\t\t<div data-elementor-type=\"wp-page\" data-elementor-id=\"1299\" class=\"elementor elementor-1299 elementor-1013\" data-elementor-post-type=\"page\">\n\t\t\t\t\t\t<section class=\"elementor-section elementor-top-section elementor-element elementor-element-a442444 elementor-section-full_width elementor-section-height-min-height elementor-section-height-default elementor-section-items-middle\" data-id=\"a442444\" data-element_type=\"section\" data-settings=\"{&quot;background_background&quot;:&quot;classic&quot;}\">\n\t\t\t\t\t\t\t<div class=\"elementor-background-overlay\"><\/div>\n\t\t\t\t\t\t\t<div class=\"elementor-container elementor-column-gap-default\">\n\t\t\t\t\t<div class=\"elementor-column elementor-col-100 elementor-top-column elementor-element elementor-element-1872cfa\" data-id=\"1872cfa\" data-element_type=\"column\">\n\t\t\t<div class=\"elementor-widget-wrap elementor-element-populated\">\n\t\t\t\t\t\t<section class=\"elementor-section elementor-inner-section elementor-element elementor-element-4b83240 elementor-section-boxed elementor-section-height-default elementor-section-height-default\" data-id=\"4b83240\" data-element_type=\"section\">\n\t\t\t\t\t\t<div class=\"elementor-container elementor-column-gap-default\">\n\t\t\t\t\t<div class=\"elementor-column elementor-col-50 elementor-inner-column elementor-element elementor-element-0dbe7b1\" data-id=\"0dbe7b1\" data-element_type=\"column\">\n\t\t\t<div class=\"elementor-widget-wrap elementor-element-populated\">\n\t\t\t\t\t\t<div class=\"elementor-element elementor-element-0e9c038 fancyTitle elementor-widget elementor-widget-heading\" data-id=\"0e9c038\" data-element_type=\"widget\" data-widget_type=\"heading.default\">\n\t\t\t\t<div class=\"elementor-widget-container\">\n\t\t\t\t\t<h1 class=\"elementor-heading-title elementor-size-default\"><span>Not\u00edcies<\/span><br> Actualitat i recursos pel teu negoci.<\/h1>\t\t\t\t<\/div>\n\t\t\t\t<\/div>\n\t\t\t\t<div class=\"elementor-element elementor-element-5d4195f elementor-widget-divider--view-line elementor-widget elementor-widget-divider\" data-id=\"5d4195f\" data-element_type=\"widget\" data-widget_type=\"divider.default\">\n\t\t\t\t<div class=\"elementor-widget-container\">\n\t\t\t\t\t\t\t<div class=\"elementor-divider\">\n\t\t\t<span class=\"elementor-divider-separator\">\n\t\t\t\t\t\t<\/span>\n\t\t<\/div>\n\t\t\t\t\t\t<\/div>\n\t\t\t\t<\/div>\n\t\t\t\t\t<\/div>\n\t\t<\/div>\n\t\t\t\t<div class=\"elementor-column elementor-col-50 elementor-inner-column elementor-element elementor-element-d51e4be\" data-id=\"d51e4be\" data-element_type=\"column\">\n\t\t\t<div class=\"elementor-widget-wrap\">\n\t\t\t\t\t\t\t<\/div>\n\t\t<\/div>\n\t\t\t\t\t<\/div>\n\t\t<\/section>\n\t\t\t\t\t<\/div>\n\t\t<\/div>\n\t\t\t\t\t<\/div>\n\t\t<\/section>\n\t\t\t\t<section class=\"elementor-section elementor-top-section elementor-element elementor-element-f68a4c7 elementor-section-boxed elementor-section-height-default elementor-section-height-default\" data-id=\"f68a4c7\" data-element_type=\"section\">\n\t\t\t\t\t\t<div class=\"elementor-container elementor-column-gap-default\">\n\t\t\t\t\t<div class=\"elementor-column elementor-col-100 elementor-top-column elementor-element elementor-element-ff03756\" data-id=\"ff03756\" data-element_type=\"column\">\n\t\t\t<div class=\"elementor-widget-wrap elementor-element-populated\">\n\t\t\t\t\t\t<div class=\"elementor-element elementor-element-3e0613e elementor-widget elementor-widget-heading\" data-id=\"3e0613e\" data-element_type=\"widget\" data-widget_type=\"heading.default\">\n\t\t\t\t<div class=\"elementor-widget-container\">\n\t\t\t\t\t<h2 class=\"elementor-heading-title elementor-size-default\">A AP Asesores creiem en la import\u00e0ncia de mantenir-te informat.<\/h2>\t\t\t\t<\/div>\n\t\t\t\t<\/div>\n\t\t\t\t<div class=\"elementor-element elementor-element-3f78f6d elementor-widget elementor-widget-text-editor\" data-id=\"3f78f6d\" data-element_type=\"widget\" data-widget_type=\"text-editor.default\">\n\t\t\t\t<div class=\"elementor-widget-container\">\n\t\t\t\t\t\t\t\t\t<p>Per aix\u00f2, al nostre espai de not\u00edcies trobar\u00e0s articles, novetats legals i consells pr\u00e0ctics que t&#8217;ajudaran a prendre millors decisions al teu dia a dia.<\/p>\t\t\t\t\t\t\t\t<\/div>\n\t\t\t\t<\/div>\n\t\t\t\t\t<\/div>\n\t\t<\/div>\n\t\t\t\t\t<\/div>\n\t\t<\/section>\n\t\t\t\t<section class=\"elementor-section elementor-top-section elementor-element elementor-element-67a5678 elementor-section-boxed elementor-section-height-default elementor-section-height-default\" data-id=\"67a5678\" data-element_type=\"section\">\n\t\t\t\t\t\t<div class=\"elementor-container elementor-column-gap-default\">\n\t\t\t\t\t<div class=\"elementor-column elementor-col-100 elementor-top-column elementor-element elementor-element-defa23b\" data-id=\"defa23b\" data-element_type=\"column\">\n\t\t\t<div class=\"elementor-widget-wrap elementor-element-populated\">\n\t\t\t\t\t\t<div class=\"elementor-element elementor-element-b680caa premium-blog-align-left elementor-widget elementor-widget-premium-addon-blog\" data-id=\"b680caa\" data-element_type=\"widget\" data-settings=\"{&quot;force_height&quot;:&quot;true&quot;,&quot;premium_blog_columns_number&quot;:&quot;33.33%&quot;,&quot;premium_blog_grid&quot;:&quot;yes&quot;,&quot;premium_blog_layout&quot;:&quot;even&quot;,&quot;premium_blog_columns_number_tablet&quot;:&quot;50%&quot;,&quot;premium_blog_columns_number_mobile&quot;:&quot;100%&quot;,&quot;scroll_to_offset&quot;:&quot;yes&quot;}\" data-widget_type=\"premium-addon-blog.default\">\n\t\t\t\t<div class=\"elementor-widget-container\">\n\t\t\t\t\t\n\t\t\t\t<div class=\"premium-blog-wrap  premium-blog-even\" data-page=\"1299\" data-pagination=\"true\">\n\t\t\t\t\t<div class=\"premium-blog-post-outer-container\" data-total=\"5\">\r\n\t\t\t<div class=\"premium-blog-post-container premium-blog-skin-classic\">\r\n\t\t\t\t\t\t\t\t\t\t\t\t<div class=\"premium-blog-content-wrapper empty-thumb\">\r\n\r\n\t\t\t\t\t<div class=\"premium-blog-inner-container\">\r\n\r\n\t\t\t\t\t\t\t\t\t\t\t\t\t\t<h2 class=\"premium-blog-entry-title\">\r\n\t\t\t<a href=\"https:\/\/apnexus.es\/ca\/verifactu-ajornat-1-any-nous-terminis-1-de-gener-de-2027-i-1-de-juliol-de-2027\/\" target=\"_blank\">\r\n\t\t\t\tVerifactu ajornat 1 any. Nous terminis: 1 de gener de 2027 i 1 de juliol de 2027\t\t\t<\/a>\r\n\t\t<\/h2>\r\n\t\t\t\t<div class=\"premium-blog-entry-meta\">\r\n\t\t\t\r\n\t\t\t\r\n\t\t\t\r\n\t\t\t\t\t<\/div>\r\n\t\t\r\n\t\t\t\t\t<\/div>\r\n\r\n\t\t\t\t\t\t\t<div class=\"premium-blog-content-inner-wrapper\">\r\n\t\t<p class=\"premium-blog-post-content\">Avui coneixem que el Govern ha decidit ajornar un any l&#8217;entrada en vigor de Verifactu, el sistema que havia de garantir la \u2026<\/p>\t\t<\/div>\r\n\t\t\t\t\t\t\t\r\n\t\t\t\t<\/div>\r\n\t\t\t<\/div>\r\n\t\t<\/div>\r\n\r\n\t\t\t\t<div class=\"premium-blog-post-outer-container\" data-total=\"5\">\r\n\t\t\t<div class=\"premium-blog-post-container premium-blog-skin-classic\">\r\n\t\t\t\t\t\t\t\t\t\t\t\t<div class=\"premium-blog-content-wrapper empty-thumb\">\r\n\r\n\t\t\t\t\t<div class=\"premium-blog-inner-container\">\r\n\r\n\t\t\t\t\t\t\t\t\t\t\t\t\t\t<h2 class=\"premium-blog-entry-title\">\r\n\t\t\t<a href=\"https:\/\/apnexus.es\/ca\/noves-obligacions-per-a-ocupadors-de-la-llar-avaluacio-de-riscos-laborals-obligatoria-des-del-14-de-novembre\/\" target=\"_blank\">\r\n\t\t\t\tNoves obligacions per a ocupadors de la llar: Avaluaci\u00f3 de riscos laborals obligat\u00f2ria des del 14 de novembre\t\t\t<\/a>\r\n\t\t<\/h2>\r\n\t\t\t\t<div class=\"premium-blog-entry-meta\">\r\n\t\t\t\r\n\t\t\t\r\n\t\t\t\r\n\t\t\t\t\t<\/div>\r\n\t\t\r\n\t\t\t\t\t<\/div>\r\n\r\n\t\t\t\t\t\t\t<div class=\"premium-blog-content-inner-wrapper\">\r\n\t\t<p class=\"premium-blog-post-content\">Des del 14 de noviembre de 2025, entra en vigor el Reial Decret 893\/2024, que obliga als ocupadors del servei dom\u00e8stic a \u2026<\/p>\t\t<\/div>\r\n\t\t\t\t\t\t\t\r\n\t\t\t\t<\/div>\r\n\t\t\t<\/div>\r\n\t\t<\/div>\r\n\r\n\t\t\t\t<div class=\"premium-blog-post-outer-container\" data-total=\"5\">\r\n\t\t\t<div class=\"premium-blog-post-container premium-blog-skin-classic\">\r\n\t\t\t\t\t\t\t\t\t\t\t\t<div class=\"premium-blog-content-wrapper empty-thumb\">\r\n\r\n\t\t\t\t\t<div class=\"premium-blog-inner-container\">\r\n\r\n\t\t\t\t\t\t\t\t\t\t\t\t\t\t<h2 class=\"premium-blog-entry-title\">\r\n\t\t\t<a href=\"https:\/\/apnexus.es\/ca\/laeat-llanca-laplicacio-verifactu-un-pas-mes-cap-a-la-facturacio-verificada\/\" target=\"_blank\">\r\n\t\t\t\tL&#8217;AEAT llan\u00e7a l&#8217;aplicaci\u00f3 VeriFactu: un pas m\u00e9s cap a la facturaci\u00f3 verificada\t\t\t<\/a>\r\n\t\t<\/h2>\r\n\t\t\t\t<div class=\"premium-blog-entry-meta\">\r\n\t\t\t\r\n\t\t\t\r\n\t\t\t\r\n\t\t\t\t\t<\/div>\r\n\t\t\r\n\t\t\t\t\t<\/div>\r\n\r\n\t\t\t\t\t\t\t<div class=\"premium-blog-content-inner-wrapper\">\r\n\t\t<p class=\"premium-blog-post-content\">L&#8217;Ag\u00e8ncia Tribut\u00e0ria ha posat a disposici\u00f3 d&#8217;empreses i professionals l&#8217;aplicaci\u00f3 online VeriFactu , el nou sistema d&#8217;emissi\u00f3 de factures que garanteix la \u2026<\/p>\t\t<\/div>\r\n\t\t\t\t\t\t\t\r\n\t\t\t\t<\/div>\r\n\t\t\t<\/div>\r\n\t\t<\/div>\r\n\r\n\t\t\t\t<div class=\"premium-blog-post-outer-container\" data-total=\"5\">\r\n\t\t\t<div class=\"premium-blog-post-container premium-blog-skin-classic\">\r\n\t\t\t\t\t\t\t\t\t\t\t\t<div class=\"premium-blog-content-wrapper empty-thumb\">\r\n\r\n\t\t\t\t\t<div class=\"premium-blog-inner-container\">\r\n\r\n\t\t\t\t\t\t\t\t\t\t\t\t\t\t<h2 class=\"premium-blog-entry-title\">\r\n\t\t\t<a href=\"https:\/\/apnexus.es\/ca\/impost-de-societats-mesures-urgents-en-materia-fiscal-rdl-42024-de-26-de-juny\/\" target=\"_blank\">\r\n\t\t\t\tImpost de Societats: Mesures urgents en mat\u00e8ria fiscal RDL 4\/2024 de 26 de juny\t\t\t<\/a>\r\n\t\t<\/h2>\r\n\t\t\t\t<div class=\"premium-blog-entry-meta\">\r\n\t\t\t\r\n\t\t\t\r\n\t\t\t\r\n\t\t\t\t\t<\/div>\r\n\t\t\r\n\t\t\t\t\t<\/div>\r\n\r\n\t\t\t\t\t\t\t<div class=\"premium-blog-content-inner-wrapper\">\r\n\t\t<p class=\"premium-blog-post-content\">Llibertat d'amortitzaci\u00f3 vehicles el\u00e8ctrics i les seves estacions de rec\u00e0rrega per a 2024 i 2025. Augment de les reduccions per la reserva de capitalitzaci\u00f3 i minoraci\u00f3 del per\u00edode de manteniment de la reserva dotada.<\/p>\t\t<\/div>\r\n\t\t\t\t\t\t\t\r\n\t\t\t\t<\/div>\r\n\t\t\t<\/div>\r\n\t\t<\/div>\r\n\r\n\t\t\t\t<div class=\"premium-blog-post-outer-container\" data-total=\"5\">\r\n\t\t\t<div class=\"premium-blog-post-container premium-blog-skin-classic\">\r\n\t\t\t\t\t\t\t\t\t\t\t\t<div class=\"premium-blog-content-wrapper empty-thumb\">\r\n\r\n\t\t\t\t\t<div class=\"premium-blog-inner-container\">\r\n\r\n\t\t\t\t\t\t\t\t\t\t\t\t\t\t<h2 class=\"premium-blog-entry-title\">\r\n\t\t\t<a href=\"https:\/\/apnexus.es\/ca\/noves-mesures-fiscals-per-a-treballadors-amb-salaris-baixos\/\" target=\"_blank\">\r\n\t\t\t\tNoves mesures fiscals per a treballadors amb salaris baixos\t\t\t<\/a>\r\n\t\t<\/h2>\r\n\t\t\t\t<div class=\"premium-blog-entry-meta\">\r\n\t\t\t\r\n\t\t\t\r\n\t\t\t\r\n\t\t\t\t\t<\/div>\r\n\t\t\r\n\t\t\t\t\t<\/div>\r\n\r\n\t\t\t\t\t\t\t<div class=\"premium-blog-content-inner-wrapper\">\r\n\t\t<p class=\"premium-blog-post-content\">El govern espanyol ha aprovat recentment un Reial Decret que modifica el Reglament de l'Impost sobre la Renda de les Persones F\u00edsiques. L'objectiu d'aquesta mesura \u00e9s evitar que els treballadors que cobren el salari m\u00ednim o prop d'ell hagin de pagar retencions o ingressos a compte.<\/p>\t\t<\/div>\r\n\t\t\t\t\t\t\t\r\n\t\t\t\t<\/div>\r\n\t\t\t<\/div>\r\n\t\t<\/div>\r\n\r\n\t\t\t\t<div class=\"premium-blog-post-outer-container\" data-total=\"5\">\r\n\t\t\t<div class=\"premium-blog-post-container premium-blog-skin-classic\">\r\n\t\t\t\t\t\t\t\t\t\t\t\t<div class=\"premium-blog-content-wrapper empty-thumb\">\r\n\r\n\t\t\t\t\t<div class=\"premium-blog-inner-container\">\r\n\r\n\t\t\t\t\t\t\t\t\t\t\t\t\t\t<h2 class=\"premium-blog-entry-title\">\r\n\t\t\t<a href=\"https:\/\/apnexus.es\/ca\/guia-regularitzacio-autonoms-2023\/\" target=\"_blank\">\r\n\t\t\t\tGuia Regularitzaci\u00f3 Aut\u00f2noms 2023\t\t\t<\/a>\r\n\t\t<\/h2>\r\n\t\t\t\t<div class=\"premium-blog-entry-meta\">\r\n\t\t\t\r\n\t\t\t\r\n\t\t\t\r\n\t\t\t\t\t<\/div>\r\n\t\t\r\n\t\t\t\t\t<\/div>\r\n\r\n\t\t\t\t\t\t\t<div class=\"premium-blog-content-inner-wrapper\">\r\n\t\t<p class=\"premium-blog-post-content\">Guia de la Seguretat Social sobre la regularitzaci\u00f3 de les quotes d\u2019aut\u00f2noms 2023 La Seguretat Social ha publicat una nova guia on \u2026<\/p>\t\t<\/div>\r\n\t\t\t\t\t\t\t\r\n\t\t\t\t<\/div>\r\n\t\t\t<\/div>\r\n\t\t<\/div>\r\n\r\n\t\t\t\t<div class=\"premium-blog-post-outer-container\" data-total=\"5\">\r\n\t\t\t<div class=\"premium-blog-post-container premium-blog-skin-classic\">\r\n\t\t\t\t\t\t\t\t\t\t\t\t<div class=\"premium-blog-content-wrapper empty-thumb\">\r\n\r\n\t\t\t\t\t<div class=\"premium-blog-inner-container\">\r\n\r\n\t\t\t\t\t\t\t\t\t\t\t\t\t\t<h2 class=\"premium-blog-entry-title\">\r\n\t\t\t<a href=\"https:\/\/apnexus.es\/ca\/llei-de-canal-de-denuncies\/\" target=\"_blank\">\r\n\t\t\t\tLlei de Canal de Den\u00fancies\t\t\t<\/a>\r\n\t\t<\/h2>\r\n\t\t\t\t<div class=\"premium-blog-entry-meta\">\r\n\t\t\t\r\n\t\t\t\r\n\t\t\t\r\n\t\t\t\t\t<\/div>\r\n\t\t\r\n\t\t\t\t\t<\/div>\r\n\r\n\t\t\t\t\t\t\t<div class=\"premium-blog-content-inner-wrapper\">\r\n\t\t<p class=\"premium-blog-post-content\">El dia 13 de mar\u00e7 va entrar en vigor la Llei 2\/2023, de 20 de febrer, reguladora de la protecci\u00f3 de les \u2026<\/p>\t\t<\/div>\r\n\t\t\t\t\t\t\t\r\n\t\t\t\t<\/div>\r\n\t\t\t<\/div>\r\n\t\t<\/div>\r\n\r\n\t\t\t\t<div class=\"premium-blog-post-outer-container\" data-total=\"5\">\r\n\t\t\t<div class=\"premium-blog-post-container premium-blog-skin-classic\">\r\n\t\t\t\t\t\t\t\t\t\t\t\t<div class=\"premium-blog-content-wrapper empty-thumb\">\r\n\r\n\t\t\t\t\t<div class=\"premium-blog-inner-container\">\r\n\r\n\t\t\t\t\t\t\t\t\t\t\t\t\t\t<h2 class=\"premium-blog-entry-title\">\r\n\t\t\t<a href=\"https:\/\/apnexus.es\/ca\/sou-minim-interprofessional-2023\/\" target=\"_blank\">\r\n\t\t\t\tSou m\u00ednim interprofessional 2023\t\t\t<\/a>\r\n\t\t<\/h2>\r\n\t\t\t\t<div class=\"premium-blog-entry-meta\">\r\n\t\t\t\r\n\t\t\t\r\n\t\t\t\r\n\t\t\t\t\t<\/div>\r\n\t\t\r\n\t\t\t\t\t<\/div>\r\n\r\n\t\t\t\t\t\t\t<div class=\"premium-blog-content-inner-wrapper\">\r\n\t\t<p class=\"premium-blog-post-content\">El 15 de febrer de 2023 es va publicar el Reial Decret 99\/2023, de 14 de febrer, pel que es fixa el \u2026<\/p>\t\t<\/div>\r\n\t\t\t\t\t\t\t\r\n\t\t\t\t<\/div>\r\n\t\t\t<\/div>\r\n\t\t<\/div>\r\n\r\n\t\t\t\t<div class=\"premium-blog-post-outer-container\" data-total=\"5\">\r\n\t\t\t<div class=\"premium-blog-post-container premium-blog-skin-classic\">\r\n\t\t\t\t\t\t\t\t\t\t\t\t<div class=\"premium-blog-content-wrapper empty-thumb\">\r\n\r\n\t\t\t\t\t<div class=\"premium-blog-inner-container\">\r\n\r\n\t\t\t\t\t\t\t\t\t\t\t\t\t\t<h2 class=\"premium-blog-entry-title\">\r\n\t\t\t<a href=\"https:\/\/apnexus.es\/ca\/cotitzacions-2023\/\" target=\"_blank\">\r\n\t\t\t\tCotitzacions 2023\t\t\t<\/a>\r\n\t\t<\/h2>\r\n\t\t\t\t<div class=\"premium-blog-entry-meta\">\r\n\t\t\t\r\n\t\t\t\r\n\t\t\t\r\n\t\t\t\t\t<\/div>\r\n\t\t\r\n\t\t\t\t\t<\/div>\r\n\r\n\t\t\t\t\t\t\t<div class=\"premium-blog-content-inner-wrapper\">\r\n\t\t<p class=\"premium-blog-post-content\">Ordre PCM\/74\/2023, de 30 de gener, per la que es desenvolupen les normes legals de cotitzaci\u00f3 a la Seguretat Social, atur, protecci\u00f3 \u2026<\/p>\t\t<\/div>\r\n\t\t\t\t\t\t\t\r\n\t\t\t\t<\/div>\r\n\t\t\t<\/div>\r\n\t\t<\/div>\r\n\r\n\t\t\t\t<\/div>\n\n\t\t\t\t<div class=\"premium-blog-footer\">\n\t\t\t\t\t\t<nav class=\"premium-blog-pagination-container\" role=\"navigation\" aria-label=\"Pagination\">\r\n\t\t\t\t<span aria-current=\"page\" class=\"page-numbers current\">1<\/span>\n<a class=\"page-numbers\" href=\"https:\/\/apnexus.es\/ca\/wp-json\/wp\/v2\/pages\/1299\/page\/2\/\">2<\/a>\n<a class=\"page-numbers\" href=\"https:\/\/apnexus.es\/ca\/wp-json\/wp\/v2\/pages\/1299\/page\/3\/\">3<\/a>\n<span class=\"page-numbers dots\">&hellip;<\/span>\n<a class=\"page-numbers\" href=\"https:\/\/apnexus.es\/ca\/wp-json\/wp\/v2\/pages\/1299\/page\/5\/\">5<\/a>\n<a class=\"next page-numbers\" href=\"https:\/\/apnexus.es\/ca\/wp-json\/wp\/v2\/pages\/1299\/page\/2\/\">Seg\u00fcent \u00bb<\/a>\t\t\t<\/nav>\r\n\t\t\t\t\t<\/div>\n\t\t\t\t\t\t\t<\/div>\n\t\t\t\t<\/div>\n\t\t\t\t\t<\/div>\n\t\t<\/div>\n\t\t\t\t\t<\/div>\n\t\t<\/section>\n\t\t\t\t<\/div>\n\t\t","protected":false},"excerpt":{"rendered":"<p>Not\u00edcies Actualitat i recursos pel teu negoci. A AP Asesores creiem en la import\u00e0ncia de mantenir-te informat. Per aix\u00f2, al nostre espai de not\u00edcies trobar\u00e0s articles, novetats legals i consells pr\u00e0ctics que t&#8217;ajudaran a prendre millors decisions al teu dia a dia. Impuesto de Sociedades: Medidas urgentes en materia fiscal RDL 4\/2024 de 26 de [&hellip;]<\/p>\n","protected":false},"author":2,"featured_media":0,"parent":0,"menu_order":0,"comment_status":"closed","ping_status":"closed","template":"","meta":{"site-sidebar-layout":"no-sidebar","site-content-layout":"page-builder","ast-site-content-layout":"full-width-container","site-content-style":"default","site-sidebar-style":"default","ast-global-header-display":"","ast-banner-title-visibility":"","ast-main-header-display":"","ast-hfb-above-header-display":"","ast-hfb-below-header-display":"","ast-hfb-mobile-header-display":"","site-post-title":"disabled","ast-breadcrumbs-content":"","ast-featured-img":"disabled","footer-sml-layout":"","theme-transparent-header-meta":"default","adv-header-id-meta":"","stick-header-meta":"","header-above-stick-meta":"","header-main-stick-meta":"","header-below-stick-meta":"","astra-migrate-meta-layouts":"default","ast-page-background-enabled":"default","ast-page-background-meta":{"desktop":{"background-color":"var(--ast-global-color-4)","background-image":"","background-repeat":"repeat","background-position":"center center","background-size":"auto","background-attachment":"scroll","background-type":"","background-media":"","overlay-type":"","overlay-color":"","overlay-opacity":"","overlay-gradient":""},"tablet":{"background-color":"","background-image":"","background-repeat":"repeat","background-position":"center center","background-size":"auto","background-attachment":"scroll","background-type":"","background-media":"","overlay-type":"","overlay-color":"","overlay-opacity":"","overlay-gradient":""},"mobile":{"background-color":"","background-image":"","background-repeat":"repeat","background-position":"center center","background-size":"auto","background-attachment":"scroll","background-type":"","background-media":"","overlay-type":"","overlay-color":"","overlay-opacity":"","overlay-gradient":""}},"ast-content-background-meta":{"desktop":{"background-color":"var(--ast-global-color-5)","background-image":"","background-repeat":"repeat","background-position":"center center","background-size":"auto","background-attachment":"scroll","background-type":"","background-media":"","overlay-type":"","overlay-color":"","overlay-opacity":"","overlay-gradient":""},"tablet":{"background-color":"var(--ast-global-color-5)","background-image":"","background-repeat":"repeat","background-position":"center center","background-size":"auto","background-attachment":"scroll","background-type":"","background-media":"","overlay-type":"","overlay-color":"","overlay-opacity":"","overlay-gradient":""},"mobile":{"background-color":"var(--ast-global-color-5)","background-image":"","background-repeat":"repeat","background-position":"center center","background-size":"auto","background-attachment":"scroll","background-type":"","background-media":"","overlay-type":"","overlay-color":"","overlay-opacity":"","overlay-gradient":""}},"footnotes":""},"class_list":["post-1299","page","type-page","status-publish","hentry"],"_links":{"self":[{"href":"https:\/\/apnexus.es\/ca\/wp-json\/wp\/v2\/pages\/1299","targetHints":{"allow":["GET"]}}],"collection":[{"href":"https:\/\/apnexus.es\/ca\/wp-json\/wp\/v2\/pages"}],"about":[{"href":"https:\/\/apnexus.es\/ca\/wp-json\/wp\/v2\/types\/page"}],"author":[{"embeddable":true,"href":"https:\/\/apnexus.es\/ca\/wp-json\/wp\/v2\/users\/2"}],"replies":[{"embeddable":true,"href":"https:\/\/apnexus.es\/ca\/wp-json\/wp\/v2\/comments?post=1299"}],"version-history":[{"count":1,"href":"https:\/\/apnexus.es\/ca\/wp-json\/wp\/v2\/pages\/1299\/revisions"}],"predecessor-version":[{"id":1301,"href":"https:\/\/apnexus.es\/ca\/wp-json\/wp\/v2\/pages\/1299\/revisions\/1301"}],"wp:attachment":[{"href":"https:\/\/apnexus.es\/ca\/wp-json\/wp\/v2\/media?parent=1299"}],"curies":[{"name":"wp","href":"https:\/\/api.w.org\/{rel}","templated":true}]}}